{"id":13821,"date":"2022-06-04T11:58:34","date_gmt":"2022-06-04T11:58:34","guid":{"rendered":"https:\/\/serbischeszentrum.at\/datenschutzerklaerung\/"},"modified":"2022-09-16T16:41:45","modified_gmt":"2022-09-16T16:41:45","slug":"datenschutzerklaerung","status":"publish","type":"page","link":"https:\/\/serbischeszentrum.at\/de\/datenschutzerklaerung\/","title":{"rendered":"Datenschutzerkl\u00e4rung"},"content":{"rendered":"\t\t<div data-elementor-type=\"wp-page\" data-elementor-id=\"13821\" class=\"elementor elementor-13821 elementor-8242\" data-elementor-post-type=\"page\">\n\t\t\t\t<div class=\"elementor-element elementor-element-3a3d653 e-con-full e-flex e-con e-parent\" data-id=\"3a3d653\" data-element_type=\"container\" data-e-type=\"container\" data-settings=\"{&quot;background_background&quot;:&quot;classic&quot;}\">\n\t\t<div class=\"elementor-element elementor-element-c76c760 e-flex e-con-boxed e-con e-child\" data-id=\"c76c760\" data-element_type=\"container\" data-e-type=\"container\">\n\t\t\t\t\t<div class=\"e-con-inner\">\n\t\t<div class=\"elementor-element elementor-element-75aa971 e-con-full e-flex e-con e-child\" data-id=\"75aa971\" data-element_type=\"container\" data-e-type=\"container\" data-settings=\"{&quot;sticky&quot;:&quot;top&quot;,&quot;sticky_on&quot;:[&quot;desktop&quot;],&quot;sticky_offset&quot;:200,&quot;sticky_parent&quot;:&quot;yes&quot;,&quot;sticky_effects_offset&quot;:0,&quot;sticky_anchor_link_offset&quot;:0}\">\n\t\t<div class=\"elementor-element elementor-element-95b15f1 e-flex e-con-boxed e-con e-child\" data-id=\"95b15f1\" data-element_type=\"container\" data-e-type=\"container\">\n\t\t\t\t\t<div class=\"e-con-inner\">\n\t\t\t\t<div class=\"elementor-element elementor-element-07b04b6 elementor-widget-mobile__width-inherit elementor-widget elementor-widget-heading\" data-id=\"07b04b6\" data-element_type=\"widget\" data-e-type=\"widget\" data-widget_type=\"heading.default\">\n\t\t\t\t\t<h2 class=\"elementor-heading-title elementor-size-default\">Datenschutz-bestimmungen<\/h2>\t\t\t\t<\/div>\n\t\t\t\t\t<\/div>\n\t\t\t\t<\/div>\n\t\t\t\t<\/div>\n\t\t<div class=\"elementor-element elementor-element-abb67b8 e-con-full e-flex e-con e-child\" data-id=\"abb67b8\" data-element_type=\"container\" data-e-type=\"container\">\n\t\t\t\t<div class=\"elementor-element elementor-element-ceed712 elementor-widget elementor-widget-heading\" data-id=\"ceed712\" data-element_type=\"widget\" data-e-type=\"widget\" data-widget_type=\"heading.default\">\n\t\t\t\t\t<h2 class=\"elementor-heading-title elementor-size-default\">Datenschutz<\/h2>\t\t\t\t<\/div>\n\t\t\t\t<div class=\"elementor-element elementor-element-90c6939 elementor-widget elementor-widget-text-editor\" data-id=\"90c6939\" data-element_type=\"widget\" data-e-type=\"widget\" data-widget_type=\"text-editor.default\">\n\t\t\t\t\t\t\t\t\t<p>Wir haben diese Datenschutzerkl\u00e4rung (Fassung 26.09.2019-121172893) verfasst, um Ihnen gem\u00e4\u00df der Vorgaben der Datenschutz-Grundverordnung (EU) 2016\/679 und dem Datenschutzgesetz (DSG) zu erkl\u00e4ren, welche Informationen wir sammeln, wie wir Daten verwenden und welche Entscheidungsm\u00f6glichkeiten Sie als Besucher dieser Webseite haben.<\/p><p><span style=\"letter-spacing: -0.6px; background-color: var( --e-global-color-8fe443b );\">Leider liegt es in der Natur der Sache, dass diese Erkl\u00e4rungen sehr technisch klingen. Wir haben uns bei der Erstellung jedoch bem\u00fcht die wichtigsten Dinge so einfach und klar wie m\u00f6glich zu beschreiben.<\/span><\/p>\t\t\t\t\t\t\t\t<\/div>\n\t\t\t\t<div class=\"elementor-element elementor-element-412f80c elementor-widget elementor-widget-heading\" data-id=\"412f80c\" data-element_type=\"widget\" data-e-type=\"widget\" data-widget_type=\"heading.default\">\n\t\t\t\t\t<h2 class=\"elementor-heading-title elementor-size-default\">Automatische Datenspeicherung<\/h2>\t\t\t\t<\/div>\n\t\t\t\t<div class=\"elementor-element elementor-element-a2ac3aa elementor-widget elementor-widget-text-editor\" data-id=\"a2ac3aa\" data-element_type=\"widget\" data-e-type=\"widget\" data-widget_type=\"text-editor.default\">\n\t\t\t\t\t\t\t\t\t<p>Wenn Sie heutzutage Webseiten besuchen, werden gewisse Informationen automatisch erstellt und gespeichert, so auch auf dieser Webseite.<\/p><p><span style=\"letter-spacing: -0.6px; background-color: var( --e-global-color-8fe443b );\">Wenn Sie unsere Webseite so wie jetzt gerade besuchen, speichert unser Webserver (Computer auf dem diese Webseite gespeichert ist) automatisch Daten wie<\/span><\/p><ul><li><span style=\"letter-spacing: -0.6px; background-color: var( --e-global-color-8fe443b );\">die Adresse (URL) der aufgerufenen Webseite<\/span><\/li><li>Browser und Browserversion<\/li><li>das verwendete Betriebssystem<\/li><li>die Adresse (URL) der zuvor besuchten Seite (Referrer URL)<\/li><li>den Hostname und die IP-Adresse des Ger\u00e4ts von welchem aus zugegriffen wird<\/li><li>Datum und Uhrzeit<\/li><\/ul><div>\u00a0<\/div><p class=\"c5\"><span class=\"c1\">in Dateien (Webserver-Logfiles).<\/span><\/p><p class=\"c5\"><span class=\"c1\">I<\/span><span style=\"letter-spacing: -0.6px; background-color: var( --e-global-color-8fe443b );\">n der Regel werden Webserver-Logfiles zwei Wochen gespeichert und danach automatisch gel\u00f6scht. Wir geben diese Daten nicht weiter, k\u00f6nnen jedoch nicht ausschlie\u00dfen, dass diese Daten beim Vorliegen von rechtswidrigem Verhalten eingesehen werden.<\/span><\/p>\t\t\t\t\t\t\t\t<\/div>\n\t\t\t\t<div class=\"elementor-element elementor-element-84254fa elementor-widget elementor-widget-heading\" data-id=\"84254fa\" data-element_type=\"widget\" data-e-type=\"widget\" data-widget_type=\"heading.default\">\n\t\t\t\t\t<h2 class=\"elementor-heading-title elementor-size-default\">Speicherung pers\u00f6nlicher Daten<\/h2>\t\t\t\t<\/div>\n\t\t\t\t<div class=\"elementor-element elementor-element-da1e664 elementor-widget elementor-widget-text-editor\" data-id=\"da1e664\" data-element_type=\"widget\" data-e-type=\"widget\" data-widget_type=\"text-editor.default\">\n\t\t\t\t\t\t\t\t\t<p>Pers\u00f6nliche Daten, die Sie uns auf dieser Website elektronisch \u00fcbermitteln, wie zum Beispiel Name, E-Mail-Adresse, Adresse oder andere pers\u00f6nlichen Angaben im Rahmen der \u00dcbermittlung eines Formulars oder Kommentaren im Blog, werden von uns gemeinsam mit dem Zeitpunkt und der IP-Adresse nur zum jeweils angegebenen Zweck verwendet, sicher verwahrt und nicht an Dritte weitergegeben.<\/p><p><span style=\"letter-spacing: -0.6px; background-color: var( --e-global-color-8fe443b );\">Wir nutzen Ihre pers\u00f6nlichen Daten somit nur f\u00fcr die Kommunikation mit jenen Besuchern, die Kontakt ausdr\u00fccklich w\u00fcnschen und f\u00fcr die Abwicklung der auf dieser Webseite angebotenen Dienstleistungen und Produkte. Wir geben Ihre pers\u00f6nlichen Daten ohne Zustimmung nicht weiter, k\u00f6nnen jedoch nicht ausschlie\u00dfen, dass diese Daten beim Vorliegen von rechtswidrigem Verhalten eingesehen werden.<\/span><\/p>\r\n<p>Wenn Sie uns pers\u00f6nliche Daten per E-Mail schicken \u2013 somit abseits dieser Webseite \u2013 k\u00f6nnen wir keine sichere \u00dcbertragung und den Schutz Ihrer Daten garantieren. Wir empfehlen Ihnen, vertrauliche Daten niemals unverschl\u00fcsselt per E-Mail zu \u00fcbermitteln.<\/p>\t\t\t\t\t\t\t\t<\/div>\n\t\t\t\t<div class=\"elementor-element elementor-element-1624d96 elementor-widget elementor-widget-heading\" data-id=\"1624d96\" data-element_type=\"widget\" data-e-type=\"widget\" data-widget_type=\"heading.default\">\n\t\t\t\t\t<h2 class=\"elementor-heading-title elementor-size-default\">Rechte laut Datenschutzgrundverordnung<\/h2>\t\t\t\t<\/div>\n\t\t\t\t<div class=\"elementor-element elementor-element-fb52748 elementor-widget elementor-widget-text-editor\" data-id=\"fb52748\" data-element_type=\"widget\" data-e-type=\"widget\" data-widget_type=\"text-editor.default\">\n\t\t\t\t\t\t\t\t\t<p class=\"c9\"><span class=\"c2\">Ihnen stehen laut den Bestimmungen der DSGVO und des \u00f6sterreichischen\u00a0<\/span><span class=\"c4\"><a class=\"c8\" href=\"https:\/\/www.google.com\/url?q=https:\/\/urldefense.proofpoint.com\/v2\/url?u%3Dhttps-3A__www.ris.bka.gv.at_GeltendeFassung.wxe-3FAbfrage-3DBundesnormen-26Gesetzesnummer-3D10001597-26tid-3D121172893%26d%3DDwMF-g%26c%3DN-xPqDyeLJg5V3gLll2thA%26r%3DPy37p8UTFnHBcYYWOA60Xsc7ieBGX4_jX5Qqb-8PqJ8%26m%3DRrQsLnuMYrPdX9PjVP2x80Xz9G_fIo1An6KLqg2WlHU%26s%3DIeD9Yih-nUJ8NEtjsxr-zOq1C8-Uai1sXy_6pV0qKm4%26e%3D&amp;sa=D&amp;ust=1607621282447000&amp;usg=AOvVaw323yP1NM52bTigo-V8vLpH\">Datenschutzgesetzes (DSG)<\/a><\/span><span class=\"c1\">\u00a0grunds\u00e4tzlich die folgende Rechte zu:<\/span><\/p><ul class=\"c7 lst-kix_list_2-0 start\"><li class=\"c0\"><span class=\"c6\">Recht auf Berichtigung (Artikel 16 DSGVO)<\/span><\/li><li class=\"c0\"><span class=\"c6\">Recht auf L\u00f6schung (\u201eRecht auf Vergessenwerden\u201c) (Artikel 17 DSGVO)<\/span><\/li><li class=\"c0\"><span class=\"c6\">Recht auf Einschr\u00e4nkung der Verarbeitung (Artikel 18 DSGVO)<\/span><\/li><li class=\"c0\"><span class=\"c6\">Recht auf Benachrichtigung \u2013 Mitteilungspflicht im Zusammenhang mit der Berichtigung oder L\u00f6schung personenbezogener Daten oder der Einschr\u00e4nkung der Verarbeitung (Artikel 19 DSGVO)<\/span><\/li><li class=\"c0\"><span class=\"c6\">Recht auf Daten\u00fcbertragbarkeit (Artikel 20 DSGVO)<\/span><\/li><li class=\"c0\"><span class=\"c6\">Widerspruchsrecht (Artikel 21 DSGVO)<\/span><\/li><li class=\"c0\"><span class=\"c6\">Recht, nicht einer ausschlie\u00dflich auf einer automatisierten Verarbeitung \u2014 einschlie\u00dflich Profiling \u2014 beruhenden Entscheidung unterworfen zu werden (Artikel 22 DSGVO)<\/span><\/li><\/ul><p>\u00a0<\/p><p id=\"h.gjdgxs\" class=\"c9\"><span class=\"c2\">Wenn Sie glauben, dass die Verarbeitung Ihrer Daten gegen das Datenschutzrecht verst\u00f6\u00dft oder Ihre datenschutzrechtlichen Anspr\u00fcche sonst in einer Weise verletzt worden sind, k\u00f6nnen Sie sich bei der Aufsichtsbeh\u00f6rde beschweren, welche in \u00d6sterreich die Datenschutzbeh\u00f6rde ist, deren Webseite Sie unter\u00a0<\/span><span class=\"c4\"><a class=\"c8\" href=\"https:\/\/www.google.com\/url?q=https:\/\/urldefense.proofpoint.com\/v2\/url?u%3Dhttps-3A__www.dsb.gv.at_-3Ftid-3D121172893%26d%3DDwMF-g%26c%3DN-xPqDyeLJg5V3gLll2thA%26r%3DPy37p8UTFnHBcYYWOA60Xsc7ieBGX4_jX5Qqb-8PqJ8%26m%3DRrQsLnuMYrPdX9PjVP2x80Xz9G_fIo1An6KLqg2WlHU%26s%3D0DUwnSlcKcmDPzxuctJd9HJo1IYjSc46K7zPj96BxNs%26e%3D&amp;sa=D&amp;ust=1607621282448000&amp;usg=AOvVaw2OBfbgKdchCYjk68gmdqiD\">https:\/\/www.dsb.gv.at\/<\/a><\/span><span class=\"c1\">\u00a0finden.<\/span><\/p><p class=\"c9\"><span class=\"c2\">Erstellt mit dem Datenschutz-Generator der<\/span><span class=\"c14\">\u00a0<\/span><span class=\"c3\"><a class=\"c8\" href=\"https:\/\/www.google.com\/url?q=https:\/\/www.adsimple.at\/datenschutz-generator\/&amp;sa=D&amp;ust=1607621282449000&amp;usg=AOvVaw0fv-G0l_vl1bAEKFNfdQ7F\">AdSimple\u00ae Online-Marketing-Agentur<\/a><\/span><\/p>\t\t\t\t\t\t\t\t<\/div>\n\t\t\t\t<\/div>\n\t\t\t\t\t<\/div>\n\t\t\t\t<\/div>\n\t\t\t\t<\/div>\n\t\t\t\t<\/div>\n\t\t","protected":false},"excerpt":{"rendered":"<p>Datenschutz-bestimmungen Datenschutz Wir haben diese Datenschutzerkl\u00e4rung (Fassung 26.09.2019-121172893) verfasst, um Ihnen gem\u00e4\u00df der Vorgaben der Datenschutz-Grundverordnung (EU) 2016\/679 und dem Datenschutzgesetz (DSG) zu erkl\u00e4ren, welche Informationen wir sammeln, wie wir Daten verwenden und welche Entscheidungsm\u00f6glichkeiten Sie als Besucher dieser Webseite haben. Leider liegt es in der Natur der Sache, dass diese Erkl\u00e4rungen sehr technisch klingen. [&hellip;]<\/p>\n","protected":false},"author":1,"featured_media":16602,"parent":0,"menu_order":8,"comment_status":"closed","ping_status":"closed","template":"","meta":{"_acf_changed":false,"footnotes":""},"class_list":["post-13821","page","type-page","status-publish","has-post-thumbnail","hentry"],"acf":[],"yoast_head":"<!-- This site is optimized with the Yoast SEO plugin v27.4 - https:\/\/yoast.com\/product\/yoast-seo-wordpress\/ -->\n<title>Datenschutzerkl\u00e4rung - Srpski centar<\/title>\n<meta name=\"robots\" content=\"index, follow, max-snippet:-1, max-image-preview:large, max-video-preview:-1\" \/>\n<link rel=\"canonical\" href=\"https:\/\/serbischeszentrum.at\/de\/datenschutzerklaerung\/\" \/>\n<meta property=\"og:locale\" content=\"de_DE\" \/>\n<meta property=\"og:type\" content=\"article\" \/>\n<meta property=\"og:title\" content=\"Datenschutzerkl\u00e4rung - Srpski centar\" \/>\n<meta property=\"og:description\" content=\"Datenschutz-bestimmungen Datenschutz Wir haben diese Datenschutzerkl\u00e4rung (Fassung 26.09.2019-121172893) verfasst, um Ihnen gem\u00e4\u00df der Vorgaben der Datenschutz-Grundverordnung (EU) 2016\/679 und dem Datenschutzgesetz (DSG) zu erkl\u00e4ren, welche Informationen wir sammeln, wie wir Daten verwenden und welche Entscheidungsm\u00f6glichkeiten Sie als Besucher dieser Webseite haben. Leider liegt es in der Natur der Sache, dass diese Erkl\u00e4rungen sehr technisch klingen. [&hellip;]\" \/>\n<meta property=\"og:url\" content=\"https:\/\/serbischeszentrum.at\/de\/datenschutzerklaerung\/\" \/>\n<meta property=\"og:site_name\" content=\"Srpski centar\" \/>\n<meta property=\"article:publisher\" content=\"https:\/\/www.facebook.com\/serbischeszentrum\" \/>\n<meta property=\"article:modified_time\" content=\"2022-09-16T16:41:45+00:00\" \/>\n<meta property=\"og:image\" content=\"https:\/\/serbischeszentrum.at\/wp-content\/uploads\/2022\/09\/Srpski-Centar.jpg\" \/>\n\t<meta property=\"og:image:width\" content=\"1366\" \/>\n\t<meta property=\"og:image:height\" content=\"768\" \/>\n\t<meta property=\"og:image:type\" content=\"image\/jpeg\" \/>\n<meta name=\"twitter:card\" content=\"summary_large_image\" \/>\n<meta name=\"twitter:label1\" content=\"Gesch\u00e4tzte Lesezeit\" \/>\n\t<meta name=\"twitter:data1\" content=\"2\u00a0Minuten\" \/>\n<script type=\"application\/ld+json\" class=\"yoast-schema-graph\">{\"@context\":\"https:\\\/\\\/schema.org\",\"@graph\":[{\"@type\":\"WebPage\",\"@id\":\"https:\\\/\\\/serbischeszentrum.at\\\/de\\\/datenschutzerklaerung\\\/\",\"url\":\"https:\\\/\\\/serbischeszentrum.at\\\/de\\\/datenschutzerklaerung\\\/\",\"name\":\"Datenschutzerkl\u00e4rung - Srpski centar\",\"isPartOf\":{\"@id\":\"https:\\\/\\\/serbischeszentrum.at\\\/de\\\/#website\"},\"primaryImageOfPage\":{\"@id\":\"https:\\\/\\\/serbischeszentrum.at\\\/de\\\/datenschutzerklaerung\\\/#primaryimage\"},\"image\":{\"@id\":\"https:\\\/\\\/serbischeszentrum.at\\\/de\\\/datenschutzerklaerung\\\/#primaryimage\"},\"thumbnailUrl\":\"https:\\\/\\\/serbischeszentrum.at\\\/wp-content\\\/uploads\\\/2022\\\/09\\\/Srpski-Centar.jpg\",\"datePublished\":\"2022-06-04T11:58:34+00:00\",\"dateModified\":\"2022-09-16T16:41:45+00:00\",\"breadcrumb\":{\"@id\":\"https:\\\/\\\/serbischeszentrum.at\\\/de\\\/datenschutzerklaerung\\\/#breadcrumb\"},\"inLanguage\":\"de\",\"potentialAction\":[{\"@type\":\"ReadAction\",\"target\":[\"https:\\\/\\\/serbischeszentrum.at\\\/de\\\/datenschutzerklaerung\\\/\"]}]},{\"@type\":\"ImageObject\",\"inLanguage\":\"de\",\"@id\":\"https:\\\/\\\/serbischeszentrum.at\\\/de\\\/datenschutzerklaerung\\\/#primaryimage\",\"url\":\"https:\\\/\\\/serbischeszentrum.at\\\/wp-content\\\/uploads\\\/2022\\\/09\\\/Srpski-Centar.jpg\",\"contentUrl\":\"https:\\\/\\\/serbischeszentrum.at\\\/wp-content\\\/uploads\\\/2022\\\/09\\\/Srpski-Centar.jpg\",\"width\":1366,\"height\":768,\"caption\":\"srpski centar\"},{\"@type\":\"BreadcrumbList\",\"@id\":\"https:\\\/\\\/serbischeszentrum.at\\\/de\\\/datenschutzerklaerung\\\/#breadcrumb\",\"itemListElement\":[{\"@type\":\"ListItem\",\"position\":1,\"name\":\"Home\",\"item\":\"https:\\\/\\\/serbischeszentrum.at\\\/de\\\/\"},{\"@type\":\"ListItem\",\"position\":2,\"name\":\"Datenschutzerkl\u00e4rung\"}]},{\"@type\":\"WebSite\",\"@id\":\"https:\\\/\\\/serbischeszentrum.at\\\/de\\\/#website\",\"url\":\"https:\\\/\\\/serbischeszentrum.at\\\/de\\\/\",\"name\":\"Srpski centar\",\"description\":\"Platforma dru\u0161tvenih i kulturnih inicijativa\",\"publisher\":{\"@id\":\"https:\\\/\\\/serbischeszentrum.at\\\/de\\\/#organization\"},\"potentialAction\":[{\"@type\":\"SearchAction\",\"target\":{\"@type\":\"EntryPoint\",\"urlTemplate\":\"https:\\\/\\\/serbischeszentrum.at\\\/de\\\/?s={search_term_string}\"},\"query-input\":{\"@type\":\"PropertyValueSpecification\",\"valueRequired\":true,\"valueName\":\"search_term_string\"}}],\"inLanguage\":\"de\"},{\"@type\":\"Organization\",\"@id\":\"https:\\\/\\\/serbischeszentrum.at\\\/de\\\/#organization\",\"name\":\"Serbishes Zentrum\",\"alternateName\":\"Srpski Centar\",\"url\":\"https:\\\/\\\/serbischeszentrum.at\\\/de\\\/\",\"logo\":{\"@type\":\"ImageObject\",\"inLanguage\":\"de\",\"@id\":\"https:\\\/\\\/serbischeszentrum.at\\\/de\\\/#\\\/schema\\\/logo\\\/image\\\/\",\"url\":\"https:\\\/\\\/serbischeszentrum.at\\\/wp-content\\\/uploads\\\/2022\\\/09\\\/srpski-centar-logo-kruzni.jpg\",\"contentUrl\":\"https:\\\/\\\/serbischeszentrum.at\\\/wp-content\\\/uploads\\\/2022\\\/09\\\/srpski-centar-logo-kruzni.jpg\",\"width\":1000,\"height\":1000,\"caption\":\"Serbishes Zentrum\"},\"image\":{\"@id\":\"https:\\\/\\\/serbischeszentrum.at\\\/de\\\/#\\\/schema\\\/logo\\\/image\\\/\"},\"sameAs\":[\"https:\\\/\\\/www.facebook.com\\\/serbischeszentrum\",\"https:\\\/\\\/www.instagram.com\\\/serbischeszentrum\\\/\"]}]}<\/script>\n<!-- \/ Yoast SEO plugin. -->","yoast_head_json":{"title":"Datenschutzerkl\u00e4rung - Srpski centar","robots":{"index":"index","follow":"follow","max-snippet":"max-snippet:-1","max-image-preview":"max-image-preview:large","max-video-preview":"max-video-preview:-1"},"canonical":"https:\/\/serbischeszentrum.at\/de\/datenschutzerklaerung\/","og_locale":"de_DE","og_type":"article","og_title":"Datenschutzerkl\u00e4rung - Srpski centar","og_description":"Datenschutz-bestimmungen Datenschutz Wir haben diese Datenschutzerkl\u00e4rung (Fassung 26.09.2019-121172893) verfasst, um Ihnen gem\u00e4\u00df der Vorgaben der Datenschutz-Grundverordnung (EU) 2016\/679 und dem Datenschutzgesetz (DSG) zu erkl\u00e4ren, welche Informationen wir sammeln, wie wir Daten verwenden und welche Entscheidungsm\u00f6glichkeiten Sie als Besucher dieser Webseite haben. Leider liegt es in der Natur der Sache, dass diese Erkl\u00e4rungen sehr technisch klingen. [&hellip;]","og_url":"https:\/\/serbischeszentrum.at\/de\/datenschutzerklaerung\/","og_site_name":"Srpski centar","article_publisher":"https:\/\/www.facebook.com\/serbischeszentrum","article_modified_time":"2022-09-16T16:41:45+00:00","og_image":[{"width":1366,"height":768,"url":"https:\/\/serbischeszentrum.at\/wp-content\/uploads\/2022\/09\/Srpski-Centar.jpg","type":"image\/jpeg"}],"twitter_card":"summary_large_image","twitter_misc":{"Gesch\u00e4tzte Lesezeit":"2\u00a0Minuten"},"schema":{"@context":"https:\/\/schema.org","@graph":[{"@type":"WebPage","@id":"https:\/\/serbischeszentrum.at\/de\/datenschutzerklaerung\/","url":"https:\/\/serbischeszentrum.at\/de\/datenschutzerklaerung\/","name":"Datenschutzerkl\u00e4rung - Srpski centar","isPartOf":{"@id":"https:\/\/serbischeszentrum.at\/de\/#website"},"primaryImageOfPage":{"@id":"https:\/\/serbischeszentrum.at\/de\/datenschutzerklaerung\/#primaryimage"},"image":{"@id":"https:\/\/serbischeszentrum.at\/de\/datenschutzerklaerung\/#primaryimage"},"thumbnailUrl":"https:\/\/serbischeszentrum.at\/wp-content\/uploads\/2022\/09\/Srpski-Centar.jpg","datePublished":"2022-06-04T11:58:34+00:00","dateModified":"2022-09-16T16:41:45+00:00","breadcrumb":{"@id":"https:\/\/serbischeszentrum.at\/de\/datenschutzerklaerung\/#breadcrumb"},"inLanguage":"de","potentialAction":[{"@type":"ReadAction","target":["https:\/\/serbischeszentrum.at\/de\/datenschutzerklaerung\/"]}]},{"@type":"ImageObject","inLanguage":"de","@id":"https:\/\/serbischeszentrum.at\/de\/datenschutzerklaerung\/#primaryimage","url":"https:\/\/serbischeszentrum.at\/wp-content\/uploads\/2022\/09\/Srpski-Centar.jpg","contentUrl":"https:\/\/serbischeszentrum.at\/wp-content\/uploads\/2022\/09\/Srpski-Centar.jpg","width":1366,"height":768,"caption":"srpski centar"},{"@type":"BreadcrumbList","@id":"https:\/\/serbischeszentrum.at\/de\/datenschutzerklaerung\/#breadcrumb","itemListElement":[{"@type":"ListItem","position":1,"name":"Home","item":"https:\/\/serbischeszentrum.at\/de\/"},{"@type":"ListItem","position":2,"name":"Datenschutzerkl\u00e4rung"}]},{"@type":"WebSite","@id":"https:\/\/serbischeszentrum.at\/de\/#website","url":"https:\/\/serbischeszentrum.at\/de\/","name":"Srpski centar","description":"Platforma dru\u0161tvenih i kulturnih inicijativa","publisher":{"@id":"https:\/\/serbischeszentrum.at\/de\/#organization"},"potentialAction":[{"@type":"SearchAction","target":{"@type":"EntryPoint","urlTemplate":"https:\/\/serbischeszentrum.at\/de\/?s={search_term_string}"},"query-input":{"@type":"PropertyValueSpecification","valueRequired":true,"valueName":"search_term_string"}}],"inLanguage":"de"},{"@type":"Organization","@id":"https:\/\/serbischeszentrum.at\/de\/#organization","name":"Serbishes Zentrum","alternateName":"Srpski Centar","url":"https:\/\/serbischeszentrum.at\/de\/","logo":{"@type":"ImageObject","inLanguage":"de","@id":"https:\/\/serbischeszentrum.at\/de\/#\/schema\/logo\/image\/","url":"https:\/\/serbischeszentrum.at\/wp-content\/uploads\/2022\/09\/srpski-centar-logo-kruzni.jpg","contentUrl":"https:\/\/serbischeszentrum.at\/wp-content\/uploads\/2022\/09\/srpski-centar-logo-kruzni.jpg","width":1000,"height":1000,"caption":"Serbishes Zentrum"},"image":{"@id":"https:\/\/serbischeszentrum.at\/de\/#\/schema\/logo\/image\/"},"sameAs":["https:\/\/www.facebook.com\/serbischeszentrum","https:\/\/www.instagram.com\/serbischeszentrum\/"]}]}},"_links":{"self":[{"href":"https:\/\/serbischeszentrum.at\/de\/wp-json\/wp\/v2\/pages\/13821","targetHints":{"allow":["GET"]}}],"collection":[{"href":"https:\/\/serbischeszentrum.at\/de\/wp-json\/wp\/v2\/pages"}],"about":[{"href":"https:\/\/serbischeszentrum.at\/de\/wp-json\/wp\/v2\/types\/page"}],"author":[{"embeddable":true,"href":"https:\/\/serbischeszentrum.at\/de\/wp-json\/wp\/v2\/users\/1"}],"replies":[{"embeddable":true,"href":"https:\/\/serbischeszentrum.at\/de\/wp-json\/wp\/v2\/comments?post=13821"}],"version-history":[{"count":0,"href":"https:\/\/serbischeszentrum.at\/de\/wp-json\/wp\/v2\/pages\/13821\/revisions"}],"wp:featuredmedia":[{"embeddable":true,"href":"https:\/\/serbischeszentrum.at\/de\/wp-json\/wp\/v2\/media\/16602"}],"wp:attachment":[{"href":"https:\/\/serbischeszentrum.at\/de\/wp-json\/wp\/v2\/media?parent=13821"}],"curies":[{"name":"wp","href":"https:\/\/api.w.org\/{rel}","templated":true}]}}