{"id":13623,"date":"2022-06-04T09:31:28","date_gmt":"2022-06-04T09:31:28","guid":{"rendered":"https:\/\/serbischeszentrum.at\/kontakt\/"},"modified":"2024-12-23T14:29:38","modified_gmt":"2024-12-23T14:29:38","slug":"kontakt","status":"publish","type":"page","link":"https:\/\/serbischeszentrum.at\/de\/kontakt\/","title":{"rendered":"Kontakt"},"content":{"rendered":"\t\t<div data-elementor-type=\"wp-page\" data-elementor-id=\"13623\" class=\"elementor elementor-13623 elementor-8115\" data-elementor-post-type=\"page\">\n\t\t\t\t<div class=\"elementor-element elementor-element-68704cd e-con-full e-flex e-con e-parent\" data-id=\"68704cd\" data-element_type=\"container\" data-e-type=\"container\" data-settings=\"{&quot;background_background&quot;:&quot;classic&quot;}\">\n\t\t<div class=\"elementor-element elementor-element-af77ab1 e-flex e-con-boxed e-con e-child\" data-id=\"af77ab1\" data-element_type=\"container\" data-e-type=\"container\">\n\t\t\t\t\t<div class=\"e-con-inner\">\n\t\t<div class=\"elementor-element elementor-element-63c9456 e-con-full e-flex e-con e-child\" data-id=\"63c9456\" data-element_type=\"container\" data-e-type=\"container\">\n\t\t\t\t<div class=\"elementor-element elementor-element-4a08fae elementor-widget elementor-widget-heading\" data-id=\"4a08fae\" data-element_type=\"widget\" data-e-type=\"widget\" data-widget_type=\"heading.default\">\n\t\t\t\t\t<h2 class=\"elementor-heading-title elementor-size-default\">Sende uns ein E-Mail oder rufe uns an<\/h2>\t\t\t\t<\/div>\n\t\t\t\t<div class=\"elementor-element elementor-element-43aaaf0 elementor-widget elementor-widget-heading\" data-id=\"43aaaf0\" data-element_type=\"widget\" data-e-type=\"widget\" data-widget_type=\"heading.default\">\n\t\t\t\t\t<h2 class=\"elementor-heading-title elementor-size-default\">Ihr habt eine Frage? <br>Wir sind f\u00fcr Euch da!<\/h2>\t\t\t\t<\/div>\n\t\t\t\t<div class=\"elementor-element elementor-element-089be23 elementor-align-start elementor-icon-list--layout-traditional elementor-list-item-link-full_width elementor-widget elementor-widget-icon-list\" data-id=\"089be23\" data-element_type=\"widget\" data-e-type=\"widget\" data-widget_type=\"icon-list.default\">\n\t\t\t\t\t\t\t<ul class=\"elementor-icon-list-items\">\n\t\t\t\t\t\t\t<li class=\"elementor-icon-list-item\">\n\t\t\t\t\t\t\t\t\t\t\t<a href=\"tel:43%20660%207780290\">\n\n\t\t\t\t\t\t\t\t\t\t\t\t<span class=\"elementor-icon-list-icon\">\n\t\t\t\t\t\t\t<svg xmlns=\"http:\/\/www.w3.org\/2000\/svg\" xmlns:xlink=\"http:\/\/www.w3.org\/1999\/xlink\" id=\"Layer_1\" x=\"0px\" y=\"0px\" viewBox=\"0 0 512 512\" style=\"enable-background:new 0 0 512 512;\" xml:space=\"preserve\"><style type=\"text\/css\">\t.st0{fill:none;stroke:#000000;stroke-width:30;stroke-linecap:round;stroke-miterlimit:10;}<\/style><g>\t<g>\t\t<path d=\"M173.4,353.6c-3.8,0-7.7-1.5-10.6-4.4c-43.8-43.8-73.6-95.5-83.7-145.5c-9.2-45.3-1.6-85.4,20.2-107.2   c5.9-5.9,15.4-5.9,21.2,0c5.9,5.9,5.9,15.4,0,21.2c-14.2,14.2-18.9,45.6-12,80c9,44.3,35.8,90.5,75.5,130.3   c5.9,5.9,5.9,15.4,0,21.2C181,352.2,177.2,353.6,173.4,353.6z\"><\/path>\t\t<path d=\"M109.8,122.2c-3.8,0-7.7-1.5-10.6-4.4c-5.9-5.9-5.9-15.4,0-21.2C110.7,85,124.9,77.6,139,75.7c12.5-1.7,31,0,48.7,17.7   c5.9,5.9,5.9,15.4,0,21.2c-5.9,5.9-15.4,5.9-21.2,0c-7.3-7.3-15-10.4-23.5-9.2c-7.6,1-15.8,5.5-22.6,12.3   C117.5,120.7,113.7,122.2,109.8,122.2z\"><\/path>\t\t<path d=\"M170.5,230.5c-5.2,0-10.3-2.7-13-7.5c-4.1-7.2-1.6-16.4,5.5-20.5c21.6-12.4,33.3-24.7,34.9-36.5   c2.2-16.3-15.1-35-31.4-51.3c-5.9-5.9-5.9-15.4,0-21.2c5.9-5.9,15.4-5.9,21.2,0c16.5,16.5,44.2,44.2,39.9,76.5   c-2.9,21.9-19.2,41-49.7,58.5C175.6,229.9,173,230.5,170.5,230.5z\"><\/path>\t\t<path d=\"M344.9,436.8c-11.6,0-23.9-1.3-36.6-3.8c-50-10.1-101.7-39.9-145.5-83.7c-5.9-5.9-5.9-15.4,0-21.2   c5.9-5.9,15.4-5.9,21.2,0c39.7,39.7,86,66.5,130.3,75.5c34.4,7,65.8,2.3,80-12c5.9-5.9,15.4-5.9,21.2,0c5.9,5.9,5.9,15.4,0,21.2   C399.8,428.5,374.6,436.8,344.9,436.8z\"><\/path>\t\t<path d=\"M404.8,417.2c-3.8,0-7.7-1.5-10.6-4.4c-5.9-5.9-5.9-15.4,0-21.2c6.8-6.8,11.3-15,12.3-22.6c1.1-8.5-1.9-16.2-9.2-23.5   c-5.9-5.9-5.9-15.4,0-21.2c5.9-5.9,15.4-5.9,21.2,0c17.7,17.7,19.4,36.3,17.7,48.7c-1.9,14.1-9.3,28.3-20.8,39.8   C412.5,415.7,408.7,417.2,404.8,417.2z\"><\/path>\t\t<path d=\"M296.5,356.5c-2.5,0-5.1-0.6-7.4-2c-7.2-4.1-9.7-13.3-5.5-20.5c17.5-30.5,36.7-46.8,58.5-49.7c32.3-4.3,60,23.4,76.5,39.9   c5.9,5.9,5.9,15.4,0,21.2c-5.9,5.9-15.4,5.9-21.2,0c-16.3-16.3-35.1-33.6-51.3-31.4c-11.8,1.6-24.1,13.3-36.5,34.9   C306.7,353.8,301.7,356.5,296.5,356.5z\"><\/path>\t\t<path d=\"M296.5,356.5c-2,0-4.1-0.4-6.1-1.3c-47-20.8-113.6-81.1-133.9-134.3c-3-7.7,0.9-16.4,8.7-19.4c7.7-3,16.4,0.9,19.4,8.7   c15.4,40.5,72.8,97.6,118,117.6c7.6,3.3,11,12.2,7.7,19.8C307.7,353.2,302.2,356.5,296.5,356.5z\"><\/path>\t<\/g>\t<path d=\"M414.4,261.5c-8.3,0-15-6.7-15-15c0-73.8-60-133.8-133.8-133.8c-8.3,0-15-6.7-15-15s6.7-15,15-15c43.8,0,84.9,17,115.9,48  c30.9,30.9,48,72.1,48,115.9C429.4,254.8,422.7,261.5,414.4,261.5z\"><\/path>\t<path d=\"M349,237c-8.3,0-15-6.7-15-15c0-24.3-19.7-44-44-44c-8.3,0-15-6.7-15-15s6.7-15,15-15c40.8,0,74,33.2,74,74  C364,230.3,357.3,237,349,237z\"><\/path><\/g><\/svg>\t\t\t\t\t\t<\/span>\n\t\t\t\t\t\t\t\t\t\t<span class=\"elementor-icon-list-text\">+43 660 7780290<\/span>\n\t\t\t\t\t\t\t\t\t\t\t<\/a>\n\t\t\t\t\t\t\t\t\t<\/li>\n\t\t\t\t\t\t\t\t<li class=\"elementor-icon-list-item\">\n\t\t\t\t\t\t\t\t\t\t\t<a href=\"mailto:office@serbischeszentrum.at\">\n\n\t\t\t\t\t\t\t\t\t\t\t\t<span class=\"elementor-icon-list-icon\">\n\t\t\t\t\t\t\t<svg xmlns=\"http:\/\/www.w3.org\/2000\/svg\" xmlns:xlink=\"http:\/\/www.w3.org\/1999\/xlink\" id=\"Layer_1\" x=\"0px\" y=\"0px\" viewBox=\"0 0 512 512\" style=\"enable-background:new 0 0 512 512;\" xml:space=\"preserve\"><style type=\"text\/css\">\t.st0{fill:none;stroke:#000000;stroke-width:30;stroke-linecap:round;stroke-miterlimit:10;}<\/style><g>\t<path d=\"M406.5,407.9h-301c-28.4,0-51.5-23.1-51.5-51.5V155.6c0-28.4,23.1-51.5,51.5-51.5h301c28.4,0,51.5,23.1,51.5,51.5v200.7  C458,384.8,434.9,407.9,406.5,407.9z M105.5,134.1c-11.9,0-21.5,9.6-21.5,21.5v200.7c0,11.9,9.6,21.5,21.5,21.5h301  c11.9,0,21.5-9.6,21.5-21.5V155.6c0-11.9-9.6-21.5-21.5-21.5H105.5z\"><\/path>\t<g>\t\t<path d=\"M256,298.4c-2.3,0-4.7-0.5-6.9-1.7l-187-97.8c-7.3-3.8-10.2-12.9-6.3-20.2c3.8-7.3,12.9-10.2,20.2-6.3l187,97.8   c7.3,3.8,10.2,12.9,6.3,20.2C266.6,295.5,261.4,298.4,256,298.4z\"><\/path>\t\t<path d=\"M256,298.4c-5.4,0-10.6-2.9-13.3-8.1c-3.8-7.3-1-16.4,6.3-20.2l187-97.8c7.3-3.8,16.4-1,20.2,6.3c3.8,7.3,1,16.4-6.3,20.2   l-187,97.8C260.7,297.9,258.4,298.4,256,298.4z\"><\/path>\t<\/g><\/g><\/svg>\t\t\t\t\t\t<\/span>\n\t\t\t\t\t\t\t\t\t\t<span class=\"elementor-icon-list-text\">office@serbischeszentrum.at<\/span>\n\t\t\t\t\t\t\t\t\t\t\t<\/a>\n\t\t\t\t\t\t\t\t\t<\/li>\n\t\t\t\t\t\t<\/ul>\n\t\t\t\t\t\t<\/div>\n\t\t\t\t<\/div>\n\t\t<div class=\"elementor-element elementor-element-7953bfb e-con-full e-flex e-con e-child\" data-id=\"7953bfb\" data-element_type=\"container\" data-e-type=\"container\">\n\t\t\t\t<div class=\"elementor-element elementor-element-f6ade7f elementor-button-align-stretch elementor-widget elementor-widget-form\" data-id=\"f6ade7f\" data-element_type=\"widget\" data-e-type=\"widget\" data-settings=\"{&quot;step_next_label&quot;:&quot;Next&quot;,&quot;step_previous_label&quot;:&quot;Previous&quot;,&quot;button_width&quot;:&quot;100&quot;,&quot;step_type&quot;:&quot;number_text&quot;,&quot;step_icon_shape&quot;:&quot;circle&quot;}\" data-widget_type=\"form.default\">\n\t\t\t\t\t\t\t<form class=\"elementor-form\" method=\"post\" name=\"New Form\" aria-label=\"New Form\">\n\t\t\t<input type=\"hidden\" name=\"post_id\" value=\"13623\"\/>\n\t\t\t<input type=\"hidden\" name=\"form_id\" value=\"f6ade7f\"\/>\n\t\t\t<input type=\"hidden\" name=\"referer_title\" value=\"Srpski centar\" \/>\n\n\t\t\t\n\t\t\t<div class=\"elementor-form-fields-wrapper elementor-labels-above\">\n\t\t\t\t\t\t\t\t<div class=\"elementor-field-type-text elementor-field-group elementor-column elementor-field-group-name elementor-col-50 elementor-field-required elementor-mark-required\">\n\t\t\t\t\t\t\t\t\t\t\t\t<label for=\"form-field-name\" class=\"elementor-field-label\">\n\t\t\t\t\t\t\t\tVorname\t\t\t\t\t\t\t<\/label>\n\t\t\t\t\t\t\t\t\t\t\t\t\t\t<input size=\"1\" type=\"text\" name=\"form_fields[name]\" id=\"form-field-name\" class=\"elementor-field elementor-size-sm  elementor-field-textual\" placeholder=\"Vorname\" required=\"required\">\n\t\t\t\t\t\t\t\t\t\t\t<\/div>\n\t\t\t\t\t\t\t\t<div class=\"elementor-field-type-text elementor-field-group elementor-column elementor-field-group-field_82ac5bd elementor-col-50 elementor-field-required elementor-mark-required\">\n\t\t\t\t\t\t\t\t\t\t\t\t<label for=\"form-field-field_82ac5bd\" class=\"elementor-field-label\">\n\t\t\t\t\t\t\t\tNachname\t\t\t\t\t\t\t<\/label>\n\t\t\t\t\t\t\t\t\t\t\t\t\t\t<input size=\"1\" type=\"text\" name=\"form_fields[field_82ac5bd]\" id=\"form-field-field_82ac5bd\" class=\"elementor-field elementor-size-sm  elementor-field-textual\" placeholder=\"Nachname\" required=\"required\">\n\t\t\t\t\t\t\t\t\t\t\t<\/div>\n\t\t\t\t\t\t\t\t<div class=\"elementor-field-type-email elementor-field-group elementor-column elementor-field-group-email elementor-col-100 elementor-field-required elementor-mark-required\">\n\t\t\t\t\t\t\t\t\t\t\t\t<label for=\"form-field-email\" class=\"elementor-field-label\">\n\t\t\t\t\t\t\t\tE-Mail\t\t\t\t\t\t\t<\/label>\n\t\t\t\t\t\t\t\t\t\t\t\t\t\t<input size=\"1\" type=\"email\" name=\"form_fields[email]\" id=\"form-field-email\" class=\"elementor-field elementor-size-sm  elementor-field-textual\" placeholder=\"E-Mail\" required=\"required\">\n\t\t\t\t\t\t\t\t\t\t\t<\/div>\n\t\t\t\t\t\t\t\t<div class=\"elementor-field-type-textarea elementor-field-group elementor-column elementor-field-group-message elementor-col-100 elementor-field-required elementor-mark-required\">\n\t\t\t\t\t\t\t\t\t\t\t\t<label for=\"form-field-message\" class=\"elementor-field-label\">\n\t\t\t\t\t\t\t\tNachricht\t\t\t\t\t\t\t<\/label>\n\t\t\t\t\t\t<textarea class=\"elementor-field-textual elementor-field  elementor-size-sm\" name=\"form_fields[message]\" id=\"form-field-message\" rows=\"8\" placeholder=\"Nachricht\" required=\"required\"><\/textarea>\t\t\t\t<\/div>\n\t\t\t\t\t\t\t\t<div class=\"elementor-field-type-recaptcha_v3 elementor-field-group elementor-column elementor-field-group-field_abecb14 elementor-col-100 recaptcha_v3-bottomright\">\n\t\t\t\t\t<div class=\"elementor-field\" id=\"form-field-field_abecb14\"><div class=\"elementor-g-recaptcha\" data-sitekey=\"6LdWvf4hAAAAAMw_VAylCEUkRR4LxsxjPEgdJo5s\" data-type=\"v3\" data-action=\"Form\" data-badge=\"bottomright\" data-size=\"invisible\"><\/div><\/div>\t\t\t\t<\/div>\n\t\t\t\t\t\t\t\t<div class=\"elementor-field-group elementor-column elementor-field-type-submit elementor-col-100 e-form__buttons\">\n\t\t\t\t\t<button class=\"elementor-button elementor-size-sm elementor-animation-sink\" type=\"submit\">\n\t\t\t\t\t\t<span class=\"elementor-button-content-wrapper\">\n\t\t\t\t\t\t\t\t\t\t\t\t\t\t\t\t\t\t\t\t\t\t<span class=\"elementor-button-text\">Nachricht senden<\/span>\n\t\t\t\t\t\t\t\t\t\t\t\t\t<\/span>\n\t\t\t\t\t<\/button>\n\t\t\t\t<\/div>\n\t\t\t<\/div>\n\t\t<\/form>\n\t\t\t\t\t\t<\/div>\n\t\t\t\t<\/div>\n\t\t\t\t\t<\/div>\n\t\t\t\t<\/div>\n\t\t<div class=\"elementor-element elementor-element-7c4fbe9 e-con-full e-flex e-con e-child\" data-id=\"7c4fbe9\" data-element_type=\"container\" data-e-type=\"container\" data-settings=\"{&quot;background_background&quot;:&quot;classic&quot;}\">\n\t\t<div class=\"elementor-element elementor-element-3e15763 e-flex e-con-boxed e-con e-child\" data-id=\"3e15763\" data-element_type=\"container\" data-e-type=\"container\">\n\t\t\t\t\t<div class=\"e-con-inner\">\n\t\t<div class=\"elementor-element elementor-element-2141d2c e-con-full e-flex e-con e-child\" data-id=\"2141d2c\" data-element_type=\"container\" data-e-type=\"container\">\n\t\t\t\t<div class=\"elementor-element elementor-element-5e18c68 elementor-widget elementor-widget-heading\" data-id=\"5e18c68\" data-element_type=\"widget\" data-e-type=\"widget\" data-widget_type=\"heading.default\">\n\t\t\t\t\t<h2 class=\"elementor-heading-title elementor-size-default\">Unsere Adresse<\/h2>\t\t\t\t<\/div>\n\t\t\t\t<div class=\"elementor-element elementor-element-557f9a5 elementor-align-start elementor-icon-list--layout-traditional elementor-list-item-link-full_width elementor-widget elementor-widget-icon-list\" data-id=\"557f9a5\" data-element_type=\"widget\" data-e-type=\"widget\" data-widget_type=\"icon-list.default\">\n\t\t\t\t\t\t\t<ul class=\"elementor-icon-list-items\">\n\t\t\t\t\t\t\t<li class=\"elementor-icon-list-item\">\n\t\t\t\t\t\t\t\t\t\t\t<a href=\"https:\/\/www.google.com\/maps\/place\/Srpski+centar+%2F+Serbisches+Zentrum\/@48.1990853,16.3423131,17z\/data=!3m2!4b1!5s0x476d078caa5055e1:0x61d2a283091014b!4m5!3m4!1s0x476d075acb9d668f:0x22f12cdab2ebac5d!8m2!3d48.1990817!4d16.3445018?hl=en-GB\" target=\"_blank\">\n\n\t\t\t\t\t\t\t\t\t\t\t\t<span class=\"elementor-icon-list-icon\">\n\t\t\t\t\t\t\t<svg xmlns=\"http:\/\/www.w3.org\/2000\/svg\" xmlns:xlink=\"http:\/\/www.w3.org\/1999\/xlink\" id=\"Layer_1\" x=\"0px\" y=\"0px\" viewBox=\"0 0 512 512\" style=\"enable-background:new 0 0 512 512;\" xml:space=\"preserve\"><style type=\"text\/css\">\t.st0{fill:none;stroke:#000000;stroke-width:30;stroke-linecap:round;stroke-miterlimit:10;}<\/style><g>\t<path d=\"M251.5,291.8c-43.1,0-78.2-35.1-78.2-78.2c0-43.1,35.1-78.2,78.2-78.2c43.1,0,78.2,35.1,78.2,78.2  C329.8,256.7,294.7,291.8,251.5,291.8z M251.5,165.4c-26.6,0-48.2,21.6-48.2,48.2s21.6,48.2,48.2,48.2s48.2-21.6,48.2-48.2  S278.1,165.4,251.5,165.4z\"><\/path>\t<g>\t\t<path d=\"M248.7,450.7c-25.1,0-61.9-15.5-101.3-85c-24.4-43.2-43.9-98-48.4-136.5c-1-8.2,4.9-15.7,13.2-16.6   c8.2-1,15.7,4.9,16.6,13.2c3.3,28.1,18.7,79.2,44.7,125.2c25.9,45.7,54,71.1,77.1,69.7c8.3-0.5,15.4,5.8,15.9,14   c0.5,8.3-5.8,15.4-14,15.9C251.3,450.7,250,450.7,248.7,450.7z\"><\/path>\t\t<path d=\"M114,242.5c-7.7,0-14.2-5.9-14.9-13.7c-3.9-44.7,9.7-86.6,38.4-117.9c28.9-31.6,70.5-49.7,114.1-49.7c8.3,0,15,6.7,15,15   s-6.7,15-15,15c-35.2,0-68.7,14.6-92,40c-22.9,25-33.8,58.8-30.6,95c0.7,8.3-5.4,15.5-13.6,16.3   C114.8,242.5,114.4,242.5,114,242.5z\"><\/path>\t\t<path d=\"M254.3,450.7c-1.3,0-2.5,0-3.7-0.1c-8.3-0.5-14.6-7.6-14-15.9c0.5-8.3,7.7-14.6,15.9-14c23.1,1.4,51.1-24,77.1-69.7   c26-45.9,41.4-97.1,44.7-125.2c1-8.2,8.4-14.1,16.6-13.2c8.2,1,14.1,8.4,13.2,16.6c-4.5,38.5-23.9,93.3-48.4,136.5   C316.3,435.2,279.4,450.7,254.3,450.7z\"><\/path>\t\t<path d=\"M389.1,242.5c-0.4,0-0.9,0-1.3-0.1c-8.3-0.7-14.4-8-13.6-16.3c3.2-36.2-7.7-70-30.6-95c-23.3-25.4-56.8-40-92-40   c-8.3,0-15-6.7-15-15s6.7-15,15-15c43.6,0,85.1,18.1,114.1,49.7c28.7,31.3,42.3,73.2,38.4,117.9   C403.4,236.6,396.8,242.5,389.1,242.5z\"><\/path>\t<\/g><\/g><\/svg>\t\t\t\t\t\t<\/span>\n\t\t\t\t\t\t\t\t\t\t<span class=\"elementor-icon-list-text\">LINDENGASSE 61-63\/2\/V, 1070 WIEN, \u00d6STERREICH<\/span>\n\t\t\t\t\t\t\t\t\t\t\t<\/a>\n\t\t\t\t\t\t\t\t\t<\/li>\n\t\t\t\t\t\t<\/ul>\n\t\t\t\t\t\t<\/div>\n\t\t\t\t<\/div>\n\t\t<div class=\"elementor-element elementor-element-2e496a4 e-con-full e-flex e-con e-child\" data-id=\"2e496a4\" data-element_type=\"container\" data-e-type=\"container\">\n\t\t\t\t<div class=\"elementor-element elementor-element-e40c91c elementor-widget elementor-widget-google_maps\" data-id=\"e40c91c\" data-element_type=\"widget\" data-e-type=\"widget\" data-widget_type=\"google_maps.default\">\n\t\t\t\t\t\t\t<div class=\"elementor-custom-embed\">\n\t\t\t<iframe loading=\"lazy\"\n\t\t\t\t\tsrc=\"https:\/\/maps.google.com\/maps?q=serbisches%20zentrum&#038;t=m&#038;z=16&#038;output=embed&#038;iwloc=near\"\n\t\t\t\t\ttitle=\"serbisches zentrum\"\n\t\t\t\t\taria-label=\"serbisches zentrum\"\n\t\t\t><\/iframe>\n\t\t<\/div>\n\t\t\t\t\t\t<\/div>\n\t\t\t\t<\/div>\n\t\t\t\t\t<\/div>\n\t\t\t\t<\/div>\n\t\t\t\t<\/div>\n\t\t\t\t<\/div>\n\t\t\t\t<\/div>\n\t\t","protected":false},"excerpt":{"rendered":"<p>Sende uns ein E-Mail oder rufe uns an Ihr habt eine Frage? Wir sind f\u00fcr Euch da! +43 660 7780290 office@serbischeszentrum.at Unsere Adresse LINDENGASSE 61-63\/2\/V, 1070 WIEN, \u00d6STERREICH<\/p>\n","protected":false},"author":1,"featured_media":16602,"parent":0,"menu_order":7,"comment_status":"closed","ping_status":"closed","template":"","meta":{"_acf_changed":false,"footnotes":""},"class_list":["post-13623","page","type-page","status-publish","has-post-thumbnail","hentry"],"acf":[],"yoast_head":"<!-- This site is optimized with the Yoast SEO plugin v27.4 - https:\/\/yoast.com\/product\/yoast-seo-wordpress\/ -->\n<title>Kontakt | Kulturf\u00f6rderung, Bildungsarbeit und Wohlt\u00e4tigkeitsarbeit als Grundpfeiler des Serbischen Zentrums in Wien<\/title>\n<meta name=\"description\" content=\"Kulturf\u00f6rderung, Bildungsarbeit und Wohlt\u00e4tigkeitsarbeit als Grundpfeiler des Serbischen Zentrums in Wien\" \/>\n<meta name=\"robots\" content=\"index, follow, max-snippet:-1, max-image-preview:large, max-video-preview:-1\" \/>\n<link rel=\"canonical\" href=\"https:\/\/serbischeszentrum.at\/de\/kontakt\/\" \/>\n<meta property=\"og:locale\" content=\"de_DE\" \/>\n<meta property=\"og:type\" content=\"article\" \/>\n<meta property=\"og:title\" content=\"Kontakt | Kulturf\u00f6rderung, Bildungsarbeit und Wohlt\u00e4tigkeitsarbeit als Grundpfeiler des Serbischen Zentrums in Wien\" \/>\n<meta property=\"og:description\" content=\"Kulturf\u00f6rderung, Bildungsarbeit und Wohlt\u00e4tigkeitsarbeit als Grundpfeiler des Serbischen Zentrums in Wien\" \/>\n<meta property=\"og:url\" content=\"https:\/\/serbischeszentrum.at\/de\/kontakt\/\" \/>\n<meta property=\"og:site_name\" content=\"Srpski centar\" \/>\n<meta property=\"article:publisher\" content=\"https:\/\/www.facebook.com\/serbischeszentrum\" \/>\n<meta property=\"article:modified_time\" content=\"2024-12-23T14:29:38+00:00\" \/>\n<meta property=\"og:image\" content=\"https:\/\/serbischeszentrum.at\/wp-content\/uploads\/2022\/09\/Srpski-Centar-1024x576.jpg\" \/>\n<meta name=\"twitter:card\" content=\"summary_large_image\" \/>\n<meta name=\"twitter:title\" content=\"Kontakt | Kulturf\u00f6rderung, Bildungsarbeit und Wohlt\u00e4tigkeitsarbeit als Grundpfeiler des Serbischen Zentrums in Wien\" \/>\n<meta name=\"twitter:description\" content=\"Kulturf\u00f6rderung, Bildungsarbeit und Wohlt\u00e4tigkeitsarbeit als Grundpfeiler des Serbischen Zentrums in Wien\" \/>\n<meta name=\"twitter:image\" content=\"https:\/\/serbischeszentrum.at\/wp-content\/uploads\/2022\/09\/Srpski-Centar-1024x576.jpg\" \/>\n<script type=\"application\/ld+json\" class=\"yoast-schema-graph\">{\"@context\":\"https:\\\/\\\/schema.org\",\"@graph\":[{\"@type\":\"WebPage\",\"@id\":\"https:\\\/\\\/serbischeszentrum.at\\\/de\\\/kontakt\\\/\",\"url\":\"https:\\\/\\\/serbischeszentrum.at\\\/de\\\/kontakt\\\/\",\"name\":\"Kontakt | Kulturf\u00f6rderung, Bildungsarbeit und Wohlt\u00e4tigkeitsarbeit als Grundpfeiler des Serbischen Zentrums in Wien\",\"isPartOf\":{\"@id\":\"https:\\\/\\\/serbischeszentrum.at\\\/de\\\/#website\"},\"primaryImageOfPage\":{\"@id\":\"https:\\\/\\\/serbischeszentrum.at\\\/de\\\/kontakt\\\/#primaryimage\"},\"image\":{\"@id\":\"https:\\\/\\\/serbischeszentrum.at\\\/de\\\/kontakt\\\/#primaryimage\"},\"thumbnailUrl\":\"https:\\\/\\\/serbischeszentrum.at\\\/wp-content\\\/uploads\\\/2022\\\/09\\\/Srpski-Centar.jpg\",\"datePublished\":\"2022-06-04T09:31:28+00:00\",\"dateModified\":\"2024-12-23T14:29:38+00:00\",\"description\":\"Kulturf\u00f6rderung, Bildungsarbeit und Wohlt\u00e4tigkeitsarbeit als Grundpfeiler des Serbischen Zentrums in Wien\",\"breadcrumb\":{\"@id\":\"https:\\\/\\\/serbischeszentrum.at\\\/de\\\/kontakt\\\/#breadcrumb\"},\"inLanguage\":\"de\",\"potentialAction\":[{\"@type\":\"ReadAction\",\"target\":[\"https:\\\/\\\/serbischeszentrum.at\\\/de\\\/kontakt\\\/\"]}]},{\"@type\":\"ImageObject\",\"inLanguage\":\"de\",\"@id\":\"https:\\\/\\\/serbischeszentrum.at\\\/de\\\/kontakt\\\/#primaryimage\",\"url\":\"https:\\\/\\\/serbischeszentrum.at\\\/wp-content\\\/uploads\\\/2022\\\/09\\\/Srpski-Centar.jpg\",\"contentUrl\":\"https:\\\/\\\/serbischeszentrum.at\\\/wp-content\\\/uploads\\\/2022\\\/09\\\/Srpski-Centar.jpg\",\"width\":1366,\"height\":768,\"caption\":\"srpski centar\"},{\"@type\":\"BreadcrumbList\",\"@id\":\"https:\\\/\\\/serbischeszentrum.at\\\/de\\\/kontakt\\\/#breadcrumb\",\"itemListElement\":[{\"@type\":\"ListItem\",\"position\":1,\"name\":\"Home\",\"item\":\"https:\\\/\\\/serbischeszentrum.at\\\/de\\\/\"},{\"@type\":\"ListItem\",\"position\":2,\"name\":\"Kontakt\"}]},{\"@type\":\"WebSite\",\"@id\":\"https:\\\/\\\/serbischeszentrum.at\\\/de\\\/#website\",\"url\":\"https:\\\/\\\/serbischeszentrum.at\\\/de\\\/\",\"name\":\"Srpski centar\",\"description\":\"Platforma dru\u0161tvenih i kulturnih inicijativa\",\"publisher\":{\"@id\":\"https:\\\/\\\/serbischeszentrum.at\\\/de\\\/#organization\"},\"potentialAction\":[{\"@type\":\"SearchAction\",\"target\":{\"@type\":\"EntryPoint\",\"urlTemplate\":\"https:\\\/\\\/serbischeszentrum.at\\\/de\\\/?s={search_term_string}\"},\"query-input\":{\"@type\":\"PropertyValueSpecification\",\"valueRequired\":true,\"valueName\":\"search_term_string\"}}],\"inLanguage\":\"de\"},{\"@type\":\"Organization\",\"@id\":\"https:\\\/\\\/serbischeszentrum.at\\\/de\\\/#organization\",\"name\":\"Serbishes Zentrum\",\"alternateName\":\"Srpski Centar\",\"url\":\"https:\\\/\\\/serbischeszentrum.at\\\/de\\\/\",\"logo\":{\"@type\":\"ImageObject\",\"inLanguage\":\"de\",\"@id\":\"https:\\\/\\\/serbischeszentrum.at\\\/de\\\/#\\\/schema\\\/logo\\\/image\\\/\",\"url\":\"https:\\\/\\\/serbischeszentrum.at\\\/wp-content\\\/uploads\\\/2022\\\/09\\\/srpski-centar-logo-kruzni.jpg\",\"contentUrl\":\"https:\\\/\\\/serbischeszentrum.at\\\/wp-content\\\/uploads\\\/2022\\\/09\\\/srpski-centar-logo-kruzni.jpg\",\"width\":1000,\"height\":1000,\"caption\":\"Serbishes Zentrum\"},\"image\":{\"@id\":\"https:\\\/\\\/serbischeszentrum.at\\\/de\\\/#\\\/schema\\\/logo\\\/image\\\/\"},\"sameAs\":[\"https:\\\/\\\/www.facebook.com\\\/serbischeszentrum\",\"https:\\\/\\\/www.instagram.com\\\/serbischeszentrum\\\/\"]}]}<\/script>\n<!-- \/ Yoast SEO plugin. -->","yoast_head_json":{"title":"Kontakt | Kulturf\u00f6rderung, Bildungsarbeit und Wohlt\u00e4tigkeitsarbeit als Grundpfeiler des Serbischen Zentrums in Wien","description":"Kulturf\u00f6rderung, Bildungsarbeit und Wohlt\u00e4tigkeitsarbeit als Grundpfeiler des Serbischen Zentrums in Wien","robots":{"index":"index","follow":"follow","max-snippet":"max-snippet:-1","max-image-preview":"max-image-preview:large","max-video-preview":"max-video-preview:-1"},"canonical":"https:\/\/serbischeszentrum.at\/de\/kontakt\/","og_locale":"de_DE","og_type":"article","og_title":"Kontakt | Kulturf\u00f6rderung, Bildungsarbeit und Wohlt\u00e4tigkeitsarbeit als Grundpfeiler des Serbischen Zentrums in Wien","og_description":"Kulturf\u00f6rderung, Bildungsarbeit und Wohlt\u00e4tigkeitsarbeit als Grundpfeiler des Serbischen Zentrums in Wien","og_url":"https:\/\/serbischeszentrum.at\/de\/kontakt\/","og_site_name":"Srpski centar","article_publisher":"https:\/\/www.facebook.com\/serbischeszentrum","article_modified_time":"2024-12-23T14:29:38+00:00","og_image":[{"url":"https:\/\/serbischeszentrum.at\/wp-content\/uploads\/2022\/09\/Srpski-Centar-1024x576.jpg","type":"","width":"","height":""}],"twitter_card":"summary_large_image","twitter_title":"Kontakt | Kulturf\u00f6rderung, Bildungsarbeit und Wohlt\u00e4tigkeitsarbeit als Grundpfeiler des Serbischen Zentrums in Wien","twitter_description":"Kulturf\u00f6rderung, Bildungsarbeit und Wohlt\u00e4tigkeitsarbeit als Grundpfeiler des Serbischen Zentrums in Wien","twitter_image":"https:\/\/serbischeszentrum.at\/wp-content\/uploads\/2022\/09\/Srpski-Centar-1024x576.jpg","schema":{"@context":"https:\/\/schema.org","@graph":[{"@type":"WebPage","@id":"https:\/\/serbischeszentrum.at\/de\/kontakt\/","url":"https:\/\/serbischeszentrum.at\/de\/kontakt\/","name":"Kontakt | Kulturf\u00f6rderung, Bildungsarbeit und Wohlt\u00e4tigkeitsarbeit als Grundpfeiler des Serbischen Zentrums in Wien","isPartOf":{"@id":"https:\/\/serbischeszentrum.at\/de\/#website"},"primaryImageOfPage":{"@id":"https:\/\/serbischeszentrum.at\/de\/kontakt\/#primaryimage"},"image":{"@id":"https:\/\/serbischeszentrum.at\/de\/kontakt\/#primaryimage"},"thumbnailUrl":"https:\/\/serbischeszentrum.at\/wp-content\/uploads\/2022\/09\/Srpski-Centar.jpg","datePublished":"2022-06-04T09:31:28+00:00","dateModified":"2024-12-23T14:29:38+00:00","description":"Kulturf\u00f6rderung, Bildungsarbeit und Wohlt\u00e4tigkeitsarbeit als Grundpfeiler des Serbischen Zentrums in Wien","breadcrumb":{"@id":"https:\/\/serbischeszentrum.at\/de\/kontakt\/#breadcrumb"},"inLanguage":"de","potentialAction":[{"@type":"ReadAction","target":["https:\/\/serbischeszentrum.at\/de\/kontakt\/"]}]},{"@type":"ImageObject","inLanguage":"de","@id":"https:\/\/serbischeszentrum.at\/de\/kontakt\/#primaryimage","url":"https:\/\/serbischeszentrum.at\/wp-content\/uploads\/2022\/09\/Srpski-Centar.jpg","contentUrl":"https:\/\/serbischeszentrum.at\/wp-content\/uploads\/2022\/09\/Srpski-Centar.jpg","width":1366,"height":768,"caption":"srpski centar"},{"@type":"BreadcrumbList","@id":"https:\/\/serbischeszentrum.at\/de\/kontakt\/#breadcrumb","itemListElement":[{"@type":"ListItem","position":1,"name":"Home","item":"https:\/\/serbischeszentrum.at\/de\/"},{"@type":"ListItem","position":2,"name":"Kontakt"}]},{"@type":"WebSite","@id":"https:\/\/serbischeszentrum.at\/de\/#website","url":"https:\/\/serbischeszentrum.at\/de\/","name":"Srpski centar","description":"Platforma dru\u0161tvenih i kulturnih inicijativa","publisher":{"@id":"https:\/\/serbischeszentrum.at\/de\/#organization"},"potentialAction":[{"@type":"SearchAction","target":{"@type":"EntryPoint","urlTemplate":"https:\/\/serbischeszentrum.at\/de\/?s={search_term_string}"},"query-input":{"@type":"PropertyValueSpecification","valueRequired":true,"valueName":"search_term_string"}}],"inLanguage":"de"},{"@type":"Organization","@id":"https:\/\/serbischeszentrum.at\/de\/#organization","name":"Serbishes Zentrum","alternateName":"Srpski Centar","url":"https:\/\/serbischeszentrum.at\/de\/","logo":{"@type":"ImageObject","inLanguage":"de","@id":"https:\/\/serbischeszentrum.at\/de\/#\/schema\/logo\/image\/","url":"https:\/\/serbischeszentrum.at\/wp-content\/uploads\/2022\/09\/srpski-centar-logo-kruzni.jpg","contentUrl":"https:\/\/serbischeszentrum.at\/wp-content\/uploads\/2022\/09\/srpski-centar-logo-kruzni.jpg","width":1000,"height":1000,"caption":"Serbishes Zentrum"},"image":{"@id":"https:\/\/serbischeszentrum.at\/de\/#\/schema\/logo\/image\/"},"sameAs":["https:\/\/www.facebook.com\/serbischeszentrum","https:\/\/www.instagram.com\/serbischeszentrum\/"]}]}},"_links":{"self":[{"href":"https:\/\/serbischeszentrum.at\/de\/wp-json\/wp\/v2\/pages\/13623","targetHints":{"allow":["GET"]}}],"collection":[{"href":"https:\/\/serbischeszentrum.at\/de\/wp-json\/wp\/v2\/pages"}],"about":[{"href":"https:\/\/serbischeszentrum.at\/de\/wp-json\/wp\/v2\/types\/page"}],"author":[{"embeddable":true,"href":"https:\/\/serbischeszentrum.at\/de\/wp-json\/wp\/v2\/users\/1"}],"replies":[{"embeddable":true,"href":"https:\/\/serbischeszentrum.at\/de\/wp-json\/wp\/v2\/comments?post=13623"}],"version-history":[{"count":0,"href":"https:\/\/serbischeszentrum.at\/de\/wp-json\/wp\/v2\/pages\/13623\/revisions"}],"wp:featuredmedia":[{"embeddable":true,"href":"https:\/\/serbischeszentrum.at\/de\/wp-json\/wp\/v2\/media\/16602"}],"wp:attachment":[{"href":"https:\/\/serbischeszentrum.at\/de\/wp-json\/wp\/v2\/media?parent=13623"}],"curies":[{"name":"wp","href":"https:\/\/api.w.org\/{rel}","templated":true}]}}